{"id":23,"date":"2019-09-04T20:15:11","date_gmt":"2019-09-04T18:15:11","guid":{"rendered":"http:\/\/80.12.93.236\/wp_test\/?page_id=23"},"modified":"2019-09-05T21:45:28","modified_gmt":"2019-09-05T19:45:28","slug":"le-feminicide","status":"publish","type":"page","link":"http:\/\/avocat-stop-feminicide.org\/?page_id=23","title":{"rendered":"Le F\u00e9minicide"},"content":{"rendered":"\n<p>Le terme \u00ab f\u00e9minicide \u00bb est un mot nouveau qui n\u2019existe pas dans notre droit p\u00e9nal, admettant seulement l\u2019\u00ab homicide \u00bb. Pourtant, le terme est connu de la langue fran\u00e7aise, \u00e0 savoir, selon le petit Robert \u00ab <em>l\u2019homicide d\u2019une femme, d\u2019une jeune fille ou d\u2019une enfant en raison de son sexe<\/em> \u00bb.<\/p>\n\n\n\n<p>Le f\u00e9minicide est donc un meurtre \u00ab genr\u00e9 \u00bb impliquant un mobile misogyne.<\/p>\n\n\n\n<p>Il s\u2019agit du \u00ab meurtre d\u2019une femme parce qu\u2019elle est une femme \u00bb.<\/p>\n\n\n\n<p>Il n\u2019\u00e9pargne aucune g\u00e9n\u00e9ration. Il n\u2019\u00e9pargne aucune nationalit\u00e9. Il n\u2019\u00e9pargne aucune classe sociale.<\/p>\n\n\n\n<p>Aujourd\u2019hui, il n\u2019est pas encore un crime autonome mais il doit le devenir. Le f\u00e9minicide est une violence sp\u00e9cifique, son incrimination ne peut r\u00e9sulter d\u2019une qualification globale et indiff\u00e9renci\u00e9e. Le droit p\u00e9nal doit d\u00e9finir clairement l\u2019infraction tant dans son \u00e9l\u00e9ment mat\u00e9riel qu\u2019intentionnel.<\/p>\n\n\n\n<p>L\u2019Organisation Mondiale de la Sant\u00e9, dans une acception tr\u00e8s large, r\u00e9pertorie quatre cat\u00e9gories de f\u00e9minicide :<\/p>\n\n\n\n<ul><li>le f\u00e9minicide individuel commis par un compagnon intime,<\/li><li>le \u00ab f\u00e9minicide d\u2019honneur \u00bb,<\/li><li>\u00ab le f\u00e9minicide de dot \u00bb,<\/li><li>le f\u00e9minicide non intime commis par une personne \u00e9trang\u00e8re \u00e0 la victime.<\/li><\/ul>\n\n\n\n<p>Le f\u00e9minicide ne se limite donc pas au meurtre conjugal, et tout meurtre de femme n\u2019est pas un f\u00e9minicide.<\/p>\n\n\n\n<p>Les d\u00e9finitions peuvent se compl\u00e9ter, se recouper, s\u2019\u00e9toffer, mais toutes t\u00e9moignent de ce m\u00eame rapport de domination masculine.<\/p>\n\n\n\n<p>A noter encore que la notion de f\u00e9minicide existe d\u00e9j\u00e0 dans d\u2019autres pays, et notamment en Am\u00e9rique du sud, comme au Mexique ayant d\u00e9j\u00e0 adopt\u00e9 une l\u00e9gislation sp\u00e9cifique depuis de nombreuses ann\u00e9es. L\u2019Europe commence timidement \u00e0 se pencher sur la reconnaissance de ce crime.<\/p>\n\n\n\n<p>La France a notamment introduit la circonstance aggravante de sexisme dans le Code p\u00e9nal.<\/p>\n\n\n\n<p>Mais il faut aller plus loin. Persister \u00e0 ne pas nommer et refuser de qualifier le f\u00e9minicide revient \u00e0 masquer une violence sp\u00e9cifique.<\/p>\n\n\n\n<p>Le terme f\u00e9minicide donne en effet une visibilit\u00e9 \u00e0 ces femmes mortes, m\u00eame si l\u2019arsenal judiciaire permet d\u00e9j\u00e0 d\u2019en condamner les auteurs.<\/p>\n\n\n\n<p>A noter que le f\u00e9minicide n\u2019implique pas de reconnaitre que le meurtre d\u2019une femme soit plus grave que celui d\u2019un homme.<\/p>\n\n\n\n<p>Le f\u00e9minicide ne fait pas non plus des femmes une cat\u00e9gorie de victimes plus vuln\u00e9rables.<\/p>\n\n\n\n<p>Il ne porte donc pas atteinte \u00e0 l\u2019universalit\u00e9 du droit.<\/p>\n\n\n\n<p>Mais permet plut\u00f4t que le droit s\u2019adapte \u00e0 une r\u00e9alit\u00e9.<\/p>\n\n\n\n<p>L\u2019entr\u00e9e du f\u00e9minicide dans le Code p\u00e9nal contribuera \u00e0 une meilleure prise en compte de la sp\u00e9cificit\u00e9 des meurtres dont sont victimes les femmes et \u00e0 une prise de conscience collective.<\/p>\n\n\n\n<p>Car, oui, le f\u00e9minicide doit \u00eatre une infraction p\u00e9nale.<\/p>\n\n\n\n<p style=\"text-align:center\">*****<\/p>\n","protected":false},"excerpt":{"rendered":"<p>Le terme \u00ab f\u00e9minicide \u00bb est un mot nouveau qui n\u2019existe pas dans notre droit p\u00e9nal, admettant seulement l\u2019\u00ab homicide \u00bb. Pourtant, le terme est connu de la langue fran\u00e7aise, \u00e0 savoir, selon le petit Robert \u00ab l\u2019homicide d\u2019une femme, d\u2019une jeune fille ou d\u2019une enfant en raison de son sexe \u00bb. Le f\u00e9minicide est [&hellip;]<\/p>\n","protected":false},"author":4,"featured_media":115,"parent":0,"menu_order":0,"comment_status":"closed","ping_status":"closed","template":"","meta":[],"_links":{"self":[{"href":"http:\/\/avocat-stop-feminicide.org\/index.php?rest_route=\/wp\/v2\/pages\/23"}],"collection":[{"href":"http:\/\/avocat-stop-feminicide.org\/index.php?rest_route=\/wp\/v2\/pages"}],"about":[{"href":"http:\/\/avocat-stop-feminicide.org\/index.php?rest_route=\/wp\/v2\/types\/page"}],"author":[{"embeddable":true,"href":"http:\/\/avocat-stop-feminicide.org\/index.php?rest_route=\/wp\/v2\/users\/4"}],"replies":[{"embeddable":true,"href":"http:\/\/avocat-stop-feminicide.org\/index.php?rest_route=%2Fwp%2Fv2%2Fcomments&post=23"}],"version-history":[{"count":3,"href":"http:\/\/avocat-stop-feminicide.org\/index.php?rest_route=\/wp\/v2\/pages\/23\/revisions"}],"predecessor-version":[{"id":75,"href":"http:\/\/avocat-stop-feminicide.org\/index.php?rest_route=\/wp\/v2\/pages\/23\/revisions\/75"}],"wp:featuredmedia":[{"embeddable":true,"href":"http:\/\/avocat-stop-feminicide.org\/index.php?rest_route=\/wp\/v2\/media\/115"}],"wp:attachment":[{"href":"http:\/\/avocat-stop-feminicide.org\/index.php?rest_route=%2Fwp%2Fv2%2Fmedia&parent=23"}],"curies":[{"name":"wp","href":"https:\/\/api.w.org\/{rel}","templated":true}]}}